{"id":273,"date":"2021-04-13T12:29:17","date_gmt":"2021-04-13T12:29:17","guid":{"rendered":"https:\/\/cantus-rheinfelden.ch\/?page_id=273"},"modified":"2022-04-30T16:44:37","modified_gmt":"2022-04-30T16:44:37","slug":"archiv","status":"publish","type":"page","link":"https:\/\/staging.cantus-rheinfelden.ch\/?page_id=273","title":{"rendered":"Archiv"},"content":{"rendered":"\t\t<div data-elementor-type=\"wp-page\" data-elementor-id=\"273\" class=\"elementor elementor-273\">\n\t\t\t\t\t\t\t\t\t<section class=\"elementor-section elementor-top-section elementor-element elementor-element-64758e6 elementor-section-boxed elementor-section-height-default elementor-section-height-default\" data-id=\"64758e6\" data-element_type=\"section\">\n\t\t\t\t\t\t<div class=\"elementor-container elementor-column-gap-default\">\n\t\t\t\t\t<div class=\"elementor-column elementor-col-100 elementor-top-column elementor-element elementor-element-8277e88\" data-id=\"8277e88\" data-element_type=\"column\">\n\t\t\t<div class=\"elementor-widget-wrap elementor-element-populated\">\n\t\t\t\t\t\t\t\t<div class=\"elementor-element elementor-element-7097055 elementor-widget elementor-widget-text-editor\" data-id=\"7097055\" data-element_type=\"widget\" data-widget_type=\"text-editor.default\">\n\t\t\t\t<div class=\"elementor-widget-container\">\n\t\t\t<style>\/*! elementor - v3.6.5 - 27-04-2022 *\/\n.elementor-widget-text-editor.elementor-drop-cap-view-stacked .elementor-drop-cap{background-color:#818a91;color:#fff}.elementor-widget-text-editor.elementor-drop-cap-view-framed .elementor-drop-cap{color:#818a91;border:3px solid;background-color:transparent}.elementor-widget-text-editor:not(.elementor-drop-cap-view-default) .elementor-drop-cap{margin-top:8px}.elementor-widget-text-editor:not(.elementor-drop-cap-view-default) .elementor-drop-cap-letter{width:1em;height:1em}.elementor-widget-text-editor .elementor-drop-cap{float:left;text-align:center;line-height:1;font-size:50px}.elementor-widget-text-editor .elementor-drop-cap-letter{display:inline-block}<\/style>\t\t\t\t<h4><strong>Konzert November 2021<\/strong><\/h4>\t\t\t\t\t\t<\/div>\n\t\t\t\t<\/div>\n\t\t\t\t<div class=\"elementor-element elementor-element-f7a9b72 elementor-widget elementor-widget-image\" data-id=\"f7a9b72\" data-element_type=\"widget\" data-widget_type=\"image.default\">\n\t\t\t\t<div class=\"elementor-widget-container\">\n\t\t\t<style>\/*! elementor - v3.6.5 - 27-04-2022 *\/\n.elementor-widget-image{text-align:center}.elementor-widget-image a{display:inline-block}.elementor-widget-image a img[src$=\".svg\"]{width:48px}.elementor-widget-image img{vertical-align:middle;display:inline-block}<\/style>\t\t\t\t\t\t\t\t\t\t\t\t<img loading=\"lazy\" decoding=\"async\" width=\"652\" height=\"926\" src=\"https:\/\/staging.cantus-rheinfelden.ch\/wp-content\/uploads\/2022\/04\/Flyer-Bach-2019-001-721x1024.jpg\" class=\"attachment-large size-large\" alt=\"\" srcset=\"https:\/\/staging.cantus-rheinfelden.ch\/wp-content\/uploads\/2022\/04\/Flyer-Bach-2019-001-721x1024.jpg 721w, https:\/\/staging.cantus-rheinfelden.ch\/wp-content\/uploads\/2022\/04\/Flyer-Bach-2019-001-600x852.jpg 600w, https:\/\/staging.cantus-rheinfelden.ch\/wp-content\/uploads\/2022\/04\/Flyer-Bach-2019-001-211x300.jpg 211w, https:\/\/staging.cantus-rheinfelden.ch\/wp-content\/uploads\/2022\/04\/Flyer-Bach-2019-001-768x1090.jpg 768w, https:\/\/staging.cantus-rheinfelden.ch\/wp-content\/uploads\/2022\/04\/Flyer-Bach-2019-001.jpg 839w\" sizes=\"auto, (max-width: 652px) 100vw, 652px\" \/>\t\t\t\t\t\t\t\t\t\t\t\t\t\t\t<\/div>\n\t\t\t\t<\/div>\n\t\t\t\t\t<\/div>\n\t\t<\/div>\n\t\t\t\t\t\t\t<\/div>\n\t\t<\/section>\n\t\t\t\t<section class=\"elementor-section elementor-top-section elementor-element elementor-element-8e5f0e4 elementor-section-boxed elementor-section-height-default elementor-section-height-default\" data-id=\"8e5f0e4\" data-element_type=\"section\">\n\t\t\t\t\t\t<div class=\"elementor-container elementor-column-gap-default\">\n\t\t\t\t\t<div class=\"elementor-column elementor-col-100 elementor-top-column elementor-element elementor-element-f7cee6a\" data-id=\"f7cee6a\" data-element_type=\"column\">\n\t\t\t<div class=\"elementor-widget-wrap elementor-element-populated\">\n\t\t\t\t\t\t\t\t<div class=\"elementor-element elementor-element-391149b elementor-widget elementor-widget-text-editor\" data-id=\"391149b\" data-element_type=\"widget\" data-widget_type=\"text-editor.default\">\n\t\t\t\t<div class=\"elementor-widget-container\">\n\t\t\t\t\t\t\t<h4><strong>Konzert Mai 2019<\/strong><\/h4>\t\t\t\t\t\t<\/div>\n\t\t\t\t<\/div>\n\t\t\t\t<div class=\"elementor-element elementor-element-a890e77 elementor-widget elementor-widget-image\" data-id=\"a890e77\" data-element_type=\"widget\" data-widget_type=\"image.default\">\n\t\t\t\t<div class=\"elementor-widget-container\">\n\t\t\t\t\t\t\t\t\t\t\t\t\t\t\t<img loading=\"lazy\" decoding=\"async\" width=\"634\" height=\"900\" src=\"https:\/\/staging.cantus-rheinfelden.ch\/wp-content\/uploads\/2021\/04\/Plakat-Mozart-2019.jpg\" class=\"attachment-large size-large\" alt=\"\" srcset=\"https:\/\/staging.cantus-rheinfelden.ch\/wp-content\/uploads\/2021\/04\/Plakat-Mozart-2019.jpg 634w, https:\/\/staging.cantus-rheinfelden.ch\/wp-content\/uploads\/2021\/04\/Plakat-Mozart-2019-600x852.jpg 600w, https:\/\/staging.cantus-rheinfelden.ch\/wp-content\/uploads\/2021\/04\/Plakat-Mozart-2019-211x300.jpg 211w\" sizes=\"auto, (max-width: 634px) 100vw, 634px\" \/>\t\t\t\t\t\t\t\t\t\t\t\t\t\t\t<\/div>\n\t\t\t\t<\/div>\n\t\t\t\t\t<\/div>\n\t\t<\/div>\n\t\t\t\t\t\t\t<\/div>\n\t\t<\/section>\n\t\t\t\t<section class=\"elementor-section elementor-top-section elementor-element elementor-element-67eea2e elementor-section-boxed elementor-section-height-default elementor-section-height-default\" data-id=\"67eea2e\" data-element_type=\"section\">\n\t\t\t\t\t\t<div class=\"elementor-container elementor-column-gap-default\">\n\t\t\t\t\t<div class=\"elementor-column elementor-col-100 elementor-top-column elementor-element elementor-element-f20b555\" data-id=\"f20b555\" data-element_type=\"column\">\n\t\t\t<div class=\"elementor-widget-wrap elementor-element-populated\">\n\t\t\t\t\t\t\t\t<div class=\"elementor-element elementor-element-3b553f8 elementor-widget elementor-widget-text-editor\" data-id=\"3b553f8\" data-element_type=\"widget\" data-widget_type=\"text-editor.default\">\n\t\t\t\t<div class=\"elementor-widget-container\">\n\t\t\t\t\t\t\t<h4><strong>Konzert April 2018<\/strong><\/h4>\t\t\t\t\t\t<\/div>\n\t\t\t\t<\/div>\n\t\t\t\t<div class=\"elementor-element elementor-element-c41f415 elementor-widget elementor-widget-image\" data-id=\"c41f415\" data-element_type=\"widget\" data-widget_type=\"image.default\">\n\t\t\t\t<div class=\"elementor-widget-container\">\n\t\t\t\t\t\t\t\t\t\t\t\t\t\t\t<img loading=\"lazy\" decoding=\"async\" width=\"634\" height=\"900\" src=\"https:\/\/staging.cantus-rheinfelden.ch\/wp-content\/uploads\/2021\/04\/Plakat-2018.jpg\" class=\"attachment-large size-large\" alt=\"\" srcset=\"https:\/\/staging.cantus-rheinfelden.ch\/wp-content\/uploads\/2021\/04\/Plakat-2018.jpg 634w, https:\/\/staging.cantus-rheinfelden.ch\/wp-content\/uploads\/2021\/04\/Plakat-2018-600x852.jpg 600w, https:\/\/staging.cantus-rheinfelden.ch\/wp-content\/uploads\/2021\/04\/Plakat-2018-211x300.jpg 211w\" sizes=\"auto, (max-width: 634px) 100vw, 634px\" \/>\t\t\t\t\t\t\t\t\t\t\t\t\t\t\t<\/div>\n\t\t\t\t<\/div>\n\t\t\t\t<div class=\"elementor-element elementor-element-3dd165a elementor-widget elementor-widget-text-editor\" data-id=\"3dd165a\" data-element_type=\"widget\" data-widget_type=\"text-editor.default\">\n\t\t\t\t<div class=\"elementor-widget-container\">\n\t\t\t\t\t\t\t<p class=\"has-large-font-size\"><strong>Aktivit\u00e4ten 2018<\/strong><\/p>\n<p><!-- \/wp:paragraph --><!-- wp:paragraph --><\/p>\n<p>Sonntag, 22. April 2018 um 10:30 Uhr in der r\u00f6m.-kath. Kirche in Laufenburg<\/p>\n<p><!-- \/wp:paragraph --><!-- wp:paragraph --><\/p>\n<p>Musikalische Gestaltung des Gottesdienstes mit Ch\u00f6ren von Giovanni Gabrieli, Claudio Monteverdi und Heinrich Sch\u00fctz (in Begleitung mit Orgel)<\/p>\n<p><!-- \/wp:paragraph --><!-- wp:spacer {\"height\":\"40px\"} --><\/p>\n<div class=\"wp-block-spacer\" style=\"height: 40px;\" aria-hidden=\"true\">&nbsp;<\/div>\t\t\t\t\t\t<\/div>\n\t\t\t\t<\/div>\n\t\t\t\t\t<\/div>\n\t\t<\/div>\n\t\t\t\t\t\t\t<\/div>\n\t\t<\/section>\n\t\t\t\t<section class=\"elementor-section elementor-top-section elementor-element elementor-element-934e1e9 elementor-section-boxed elementor-section-height-default elementor-section-height-default\" data-id=\"934e1e9\" data-element_type=\"section\">\n\t\t\t\t\t\t<div class=\"elementor-container elementor-column-gap-default\">\n\t\t\t\t\t<div class=\"elementor-column elementor-col-100 elementor-top-column elementor-element elementor-element-b51a406\" data-id=\"b51a406\" data-element_type=\"column\">\n\t\t\t<div class=\"elementor-widget-wrap elementor-element-populated\">\n\t\t\t\t\t\t\t\t<div class=\"elementor-element elementor-element-472268d elementor-widget elementor-widget-text-editor\" data-id=\"472268d\" data-element_type=\"widget\" data-widget_type=\"text-editor.default\">\n\t\t\t\t<div class=\"elementor-widget-container\">\n\t\t\t\t\t\t\t<h4><strong>Konzert Mai 2017<\/strong><\/h4>\t\t\t\t\t\t<\/div>\n\t\t\t\t<\/div>\n\t\t\t\t<div class=\"elementor-element elementor-element-4209471 elementor-widget elementor-widget-image\" data-id=\"4209471\" data-element_type=\"widget\" data-widget_type=\"image.default\">\n\t\t\t\t<div class=\"elementor-widget-container\">\n\t\t\t\t\t\t\t\t\t\t\t\t\t\t\t<img loading=\"lazy\" decoding=\"async\" width=\"637\" height=\"900\" src=\"https:\/\/staging.cantus-rheinfelden.ch\/wp-content\/uploads\/2021\/04\/Plakat-2017.jpg\" class=\"attachment-large size-large\" alt=\"\" srcset=\"https:\/\/staging.cantus-rheinfelden.ch\/wp-content\/uploads\/2021\/04\/Plakat-2017.jpg 637w, https:\/\/staging.cantus-rheinfelden.ch\/wp-content\/uploads\/2021\/04\/Plakat-2017-600x848.jpg 600w, https:\/\/staging.cantus-rheinfelden.ch\/wp-content\/uploads\/2021\/04\/Plakat-2017-212x300.jpg 212w\" sizes=\"auto, (max-width: 637px) 100vw, 637px\" \/>\t\t\t\t\t\t\t\t\t\t\t\t\t\t\t<\/div>\n\t\t\t\t<\/div>\n\t\t\t\t\t<\/div>\n\t\t<\/div>\n\t\t\t\t\t\t\t<\/div>\n\t\t<\/section>\n\t\t\t\t<section class=\"elementor-section elementor-top-section elementor-element elementor-element-3485ba3 elementor-section-boxed elementor-section-height-default elementor-section-height-default\" data-id=\"3485ba3\" data-element_type=\"section\">\n\t\t\t\t\t\t<div class=\"elementor-container elementor-column-gap-default\">\n\t\t\t\t\t<div class=\"elementor-column elementor-col-100 elementor-top-column elementor-element elementor-element-d43409d\" data-id=\"d43409d\" data-element_type=\"column\">\n\t\t\t<div class=\"elementor-widget-wrap elementor-element-populated\">\n\t\t\t\t\t\t\t\t<div class=\"elementor-element elementor-element-0d66cc6 elementor-widget elementor-widget-text-editor\" data-id=\"0d66cc6\" data-element_type=\"widget\" data-widget_type=\"text-editor.default\">\n\t\t\t\t<div class=\"elementor-widget-container\">\n\t\t\t\t\t\t\t<h4><strong>Jubil\u00e4ums-Konzert April \/ Mai 2016<\/strong><\/h4>\t\t\t\t\t\t<\/div>\n\t\t\t\t<\/div>\n\t\t\t\t<div class=\"elementor-element elementor-element-c0cf53d elementor-widget elementor-widget-image\" data-id=\"c0cf53d\" data-element_type=\"widget\" data-widget_type=\"image.default\">\n\t\t\t\t<div class=\"elementor-widget-container\">\n\t\t\t\t\t\t\t\t\t\t\t\t\t\t\t<img loading=\"lazy\" decoding=\"async\" width=\"627\" height=\"900\" src=\"https:\/\/staging.cantus-rheinfelden.ch\/wp-content\/uploads\/2021\/04\/Jubilaeumskonzert-2016.jpg\" class=\"attachment-large size-large\" alt=\"\" srcset=\"https:\/\/staging.cantus-rheinfelden.ch\/wp-content\/uploads\/2021\/04\/Jubilaeumskonzert-2016.jpg 627w, https:\/\/staging.cantus-rheinfelden.ch\/wp-content\/uploads\/2021\/04\/Jubilaeumskonzert-2016-600x861.jpg 600w, https:\/\/staging.cantus-rheinfelden.ch\/wp-content\/uploads\/2021\/04\/Jubilaeumskonzert-2016-209x300.jpg 209w\" sizes=\"auto, (max-width: 627px) 100vw, 627px\" \/>\t\t\t\t\t\t\t\t\t\t\t\t\t\t\t<\/div>\n\t\t\t\t<\/div>\n\t\t\t\t\t<\/div>\n\t\t<\/div>\n\t\t\t\t\t\t\t<\/div>\n\t\t<\/section>\n\t\t\t\t<section class=\"elementor-section elementor-top-section elementor-element elementor-element-f21d118 elementor-section-boxed elementor-section-height-default elementor-section-height-default\" data-id=\"f21d118\" data-element_type=\"section\">\n\t\t\t\t\t\t<div class=\"elementor-container elementor-column-gap-default\">\n\t\t\t\t\t<div class=\"elementor-column elementor-col-100 elementor-top-column elementor-element elementor-element-9ddedd5\" data-id=\"9ddedd5\" data-element_type=\"column\">\n\t\t\t<div class=\"elementor-widget-wrap elementor-element-populated\">\n\t\t\t\t\t\t\t\t<div class=\"elementor-element elementor-element-b99a2a1 elementor-widget elementor-widget-text-editor\" data-id=\"b99a2a1\" data-element_type=\"widget\" data-widget_type=\"text-editor.default\">\n\t\t\t\t<div class=\"elementor-widget-container\">\n\t\t\t\t\t\t\t<h4><strong>Konzert November 2015<\/strong><\/h4>\t\t\t\t\t\t<\/div>\n\t\t\t\t<\/div>\n\t\t\t\t<div class=\"elementor-element elementor-element-c5a44bd elementor-widget elementor-widget-image\" data-id=\"c5a44bd\" data-element_type=\"widget\" data-widget_type=\"image.default\">\n\t\t\t\t<div class=\"elementor-widget-container\">\n\t\t\t\t\t\t\t\t\t\t\t\t\t\t\t<img loading=\"lazy\" decoding=\"async\" width=\"634\" height=\"900\" src=\"https:\/\/staging.cantus-rheinfelden.ch\/wp-content\/uploads\/2021\/04\/Plakat-2015.jpg\" class=\"attachment-large size-large\" alt=\"\" srcset=\"https:\/\/staging.cantus-rheinfelden.ch\/wp-content\/uploads\/2021\/04\/Plakat-2015.jpg 634w, https:\/\/staging.cantus-rheinfelden.ch\/wp-content\/uploads\/2021\/04\/Plakat-2015-600x852.jpg 600w, https:\/\/staging.cantus-rheinfelden.ch\/wp-content\/uploads\/2021\/04\/Plakat-2015-211x300.jpg 211w\" sizes=\"auto, (max-width: 634px) 100vw, 634px\" \/>\t\t\t\t\t\t\t\t\t\t\t\t\t\t\t<\/div>\n\t\t\t\t<\/div>\n\t\t\t\t<div class=\"elementor-element elementor-element-9926894 elementor-widget elementor-widget-text-editor\" data-id=\"9926894\" data-element_type=\"widget\" data-widget_type=\"text-editor.default\">\n\t\t\t\t<div class=\"elementor-widget-container\">\n\t\t\t\t\t\t\t<p class=\"has-large-font-size\"><strong>Aktivit\u00e4ten 2015<\/strong><\/p>\n<p><!-- \/wp:paragraph --><!-- wp:image {\"id\":291,\"width\":500,\"sizeSlug\":\"large\",\"linkDestination\":\"none\",\"className\":\"is-style-no-vertical-margin\"} --><!-- \/wp:image --><!-- wp:spacer {\"height\":\"20px\"} --><!-- \/wp:spacer --><!-- wp:paragraph {\"fontSize\":\"large\"} --><!-- \/wp:paragraph --><!-- wp:paragraph --><\/p>\n<p>Sonntag, 14. Juni 2015 um 10:30 Uhr in der r\u00f6m.-kath. Kirche in Laufenburg<\/p>\n<p><!-- \/wp:paragraph --><!-- wp:paragraph --><\/p>\n<p>Musikalische Gestaltung des Gottesdienstes mit Ch\u00f6ren aus dem Oratorium &#8222;Elias&#8220; von Felix Mendelssohn-Bartholdy (in Begleitung mit Orgel)<\/p>\t\t\t\t\t\t<\/div>\n\t\t\t\t<\/div>\n\t\t\t\t\t<\/div>\n\t\t<\/div>\n\t\t\t\t\t\t\t<\/div>\n\t\t<\/section>\n\t\t\t\t<section class=\"elementor-section elementor-top-section elementor-element elementor-element-6626446 elementor-section-boxed elementor-section-height-default elementor-section-height-default\" data-id=\"6626446\" data-element_type=\"section\">\n\t\t\t\t\t\t<div class=\"elementor-container elementor-column-gap-default\">\n\t\t\t\t\t<div class=\"elementor-column elementor-col-100 elementor-top-column elementor-element elementor-element-dd52873\" data-id=\"dd52873\" data-element_type=\"column\">\n\t\t\t<div class=\"elementor-widget-wrap elementor-element-populated\">\n\t\t\t\t\t\t\t\t<div class=\"elementor-element elementor-element-207991e elementor-widget elementor-widget-text-editor\" data-id=\"207991e\" data-element_type=\"widget\" data-widget_type=\"text-editor.default\">\n\t\t\t\t<div class=\"elementor-widget-container\">\n\t\t\t\t\t\t\t<h4><strong>Konzert 2014<\/strong><\/h4>\t\t\t\t\t\t<\/div>\n\t\t\t\t<\/div>\n\t\t\t\t<div class=\"elementor-element elementor-element-15444b3 elementor-widget elementor-widget-image\" data-id=\"15444b3\" data-element_type=\"widget\" data-widget_type=\"image.default\">\n\t\t\t\t<div class=\"elementor-widget-container\">\n\t\t\t\t\t\t\t\t\t\t\t\t\t\t\t<img loading=\"lazy\" decoding=\"async\" width=\"632\" height=\"900\" src=\"https:\/\/staging.cantus-rheinfelden.ch\/wp-content\/uploads\/2021\/04\/Plakat-2014.jpg\" class=\"attachment-large size-large\" alt=\"\" srcset=\"https:\/\/staging.cantus-rheinfelden.ch\/wp-content\/uploads\/2021\/04\/Plakat-2014.jpg 632w, https:\/\/staging.cantus-rheinfelden.ch\/wp-content\/uploads\/2021\/04\/Plakat-2014-600x854.jpg 600w, https:\/\/staging.cantus-rheinfelden.ch\/wp-content\/uploads\/2021\/04\/Plakat-2014-211x300.jpg 211w\" sizes=\"auto, (max-width: 632px) 100vw, 632px\" \/>\t\t\t\t\t\t\t\t\t\t\t\t\t\t\t<\/div>\n\t\t\t\t<\/div>\n\t\t\t\t\t<\/div>\n\t\t<\/div>\n\t\t\t\t\t\t\t<\/div>\n\t\t<\/section>\n\t\t\t\t<section class=\"elementor-section elementor-top-section elementor-element elementor-element-03fbcf5 elementor-section-boxed elementor-section-height-default elementor-section-height-default\" data-id=\"03fbcf5\" data-element_type=\"section\">\n\t\t\t\t\t\t<div class=\"elementor-container elementor-column-gap-default\">\n\t\t\t\t\t<div class=\"elementor-column elementor-col-100 elementor-top-column elementor-element elementor-element-6a9b48a\" data-id=\"6a9b48a\" data-element_type=\"column\">\n\t\t\t<div class=\"elementor-widget-wrap elementor-element-populated\">\n\t\t\t\t\t\t\t\t<div class=\"elementor-element elementor-element-c7aa53f elementor-widget elementor-widget-text-editor\" data-id=\"c7aa53f\" data-element_type=\"widget\" data-widget_type=\"text-editor.default\">\n\t\t\t\t<div class=\"elementor-widget-container\">\n\t\t\t\t\t\t\t<h4><strong>Konzert 2013<\/strong><\/h4>\t\t\t\t\t\t<\/div>\n\t\t\t\t<\/div>\n\t\t\t\t<div class=\"elementor-element elementor-element-12031f4 elementor-widget elementor-widget-image\" data-id=\"12031f4\" data-element_type=\"widget\" data-widget_type=\"image.default\">\n\t\t\t\t<div class=\"elementor-widget-container\">\n\t\t\t\t\t\t\t\t\t\t\t\t\t\t\t<img loading=\"lazy\" decoding=\"async\" width=\"627\" height=\"900\" src=\"https:\/\/staging.cantus-rheinfelden.ch\/wp-content\/uploads\/2021\/04\/Plakat-2013.jpg\" class=\"attachment-large size-large\" alt=\"\" srcset=\"https:\/\/staging.cantus-rheinfelden.ch\/wp-content\/uploads\/2021\/04\/Plakat-2013.jpg 627w, https:\/\/staging.cantus-rheinfelden.ch\/wp-content\/uploads\/2021\/04\/Plakat-2013-600x861.jpg 600w, https:\/\/staging.cantus-rheinfelden.ch\/wp-content\/uploads\/2021\/04\/Plakat-2013-209x300.jpg 209w\" sizes=\"auto, (max-width: 627px) 100vw, 627px\" \/>\t\t\t\t\t\t\t\t\t\t\t\t\t\t\t<\/div>\n\t\t\t\t<\/div>\n\t\t\t\t\t<\/div>\n\t\t<\/div>\n\t\t\t\t\t\t\t<\/div>\n\t\t<\/section>\n\t\t\t\t<section class=\"elementor-section elementor-top-section elementor-element elementor-element-2313ac7 elementor-section-boxed elementor-section-height-default elementor-section-height-default\" data-id=\"2313ac7\" data-element_type=\"section\">\n\t\t\t\t\t\t<div class=\"elementor-container elementor-column-gap-default\">\n\t\t\t\t\t<div class=\"elementor-column elementor-col-100 elementor-top-column elementor-element elementor-element-d690e9a\" data-id=\"d690e9a\" data-element_type=\"column\">\n\t\t\t<div class=\"elementor-widget-wrap elementor-element-populated\">\n\t\t\t\t\t\t\t\t<div class=\"elementor-element elementor-element-209014e elementor-widget elementor-widget-text-editor\" data-id=\"209014e\" data-element_type=\"widget\" data-widget_type=\"text-editor.default\">\n\t\t\t\t<div class=\"elementor-widget-container\">\n\t\t\t\t\t\t\t<h4><strong>Konzert 2012<\/strong><\/h4>\t\t\t\t\t\t<\/div>\n\t\t\t\t<\/div>\n\t\t\t\t<div class=\"elementor-element elementor-element-6196fff elementor-widget elementor-widget-image\" data-id=\"6196fff\" data-element_type=\"widget\" data-widget_type=\"image.default\">\n\t\t\t\t<div class=\"elementor-widget-container\">\n\t\t\t\t\t\t\t\t\t\t\t\t\t\t\t<img loading=\"lazy\" decoding=\"async\" width=\"582\" height=\"900\" src=\"https:\/\/staging.cantus-rheinfelden.ch\/wp-content\/uploads\/2021\/04\/Plakat-2012.jpg\" class=\"attachment-large size-large\" alt=\"\" srcset=\"https:\/\/staging.cantus-rheinfelden.ch\/wp-content\/uploads\/2021\/04\/Plakat-2012.jpg 582w, https:\/\/staging.cantus-rheinfelden.ch\/wp-content\/uploads\/2021\/04\/Plakat-2012-194x300.jpg 194w\" sizes=\"auto, (max-width: 582px) 100vw, 582px\" \/>\t\t\t\t\t\t\t\t\t\t\t\t\t\t\t<\/div>\n\t\t\t\t<\/div>\n\t\t\t\t\t<\/div>\n\t\t<\/div>\n\t\t\t\t\t\t\t<\/div>\n\t\t<\/section>\n\t\t\t\t<section class=\"elementor-section elementor-top-section elementor-element elementor-element-4d0f376 elementor-section-boxed elementor-section-height-default elementor-section-height-default\" data-id=\"4d0f376\" data-element_type=\"section\">\n\t\t\t\t\t\t<div class=\"elementor-container elementor-column-gap-default\">\n\t\t\t\t\t<div class=\"elementor-column elementor-col-100 elementor-top-column elementor-element elementor-element-55bb348\" data-id=\"55bb348\" data-element_type=\"column\">\n\t\t\t<div class=\"elementor-widget-wrap elementor-element-populated\">\n\t\t\t\t\t\t\t\t<div class=\"elementor-element elementor-element-5e4f0bd elementor-widget elementor-widget-text-editor\" data-id=\"5e4f0bd\" data-element_type=\"widget\" data-widget_type=\"text-editor.default\">\n\t\t\t\t<div class=\"elementor-widget-container\">\n\t\t\t\t\t\t\t<h4><strong>Konzert 2011<\/strong><\/h4>\t\t\t\t\t\t<\/div>\n\t\t\t\t<\/div>\n\t\t\t\t<div class=\"elementor-element elementor-element-95a7b06 elementor-widget elementor-widget-image\" data-id=\"95a7b06\" data-element_type=\"widget\" data-widget_type=\"image.default\">\n\t\t\t\t<div class=\"elementor-widget-container\">\n\t\t\t\t\t\t\t\t\t\t\t\t\t\t\t<img loading=\"lazy\" decoding=\"async\" width=\"617\" height=\"900\" src=\"https:\/\/staging.cantus-rheinfelden.ch\/wp-content\/uploads\/2021\/04\/Plakat-2011.jpg\" class=\"attachment-large size-large\" alt=\"\" srcset=\"https:\/\/staging.cantus-rheinfelden.ch\/wp-content\/uploads\/2021\/04\/Plakat-2011.jpg 617w, https:\/\/staging.cantus-rheinfelden.ch\/wp-content\/uploads\/2021\/04\/Plakat-2011-600x875.jpg 600w, https:\/\/staging.cantus-rheinfelden.ch\/wp-content\/uploads\/2021\/04\/Plakat-2011-206x300.jpg 206w\" sizes=\"auto, (max-width: 617px) 100vw, 617px\" \/>\t\t\t\t\t\t\t\t\t\t\t\t\t\t\t<\/div>\n\t\t\t\t<\/div>\n\t\t\t\t\t<\/div>\n\t\t<\/div>\n\t\t\t\t\t\t\t<\/div>\n\t\t<\/section>\n\t\t\t\t<section class=\"elementor-section elementor-top-section elementor-element elementor-element-1b31f66 elementor-section-boxed elementor-section-height-default elementor-section-height-default\" data-id=\"1b31f66\" data-element_type=\"section\">\n\t\t\t\t\t\t<div class=\"elementor-container elementor-column-gap-default\">\n\t\t\t\t\t<div class=\"elementor-column elementor-col-100 elementor-top-column elementor-element elementor-element-5c7aeb9\" data-id=\"5c7aeb9\" data-element_type=\"column\">\n\t\t\t<div class=\"elementor-widget-wrap elementor-element-populated\">\n\t\t\t\t\t\t\t\t<div class=\"elementor-element elementor-element-849c943 elementor-widget elementor-widget-text-editor\" data-id=\"849c943\" data-element_type=\"widget\" data-widget_type=\"text-editor.default\">\n\t\t\t\t<div class=\"elementor-widget-container\">\n\t\t\t\t\t\t\t<h4><strong>Konzert 2010<\/strong><\/h4>\t\t\t\t\t\t<\/div>\n\t\t\t\t<\/div>\n\t\t\t\t<div class=\"elementor-element elementor-element-8f1af24 elementor-widget elementor-widget-image\" data-id=\"8f1af24\" data-element_type=\"widget\" data-widget_type=\"image.default\">\n\t\t\t\t<div class=\"elementor-widget-container\">\n\t\t\t\t\t\t\t\t\t\t\t\t\t\t\t<img loading=\"lazy\" decoding=\"async\" width=\"621\" height=\"900\" src=\"https:\/\/staging.cantus-rheinfelden.ch\/wp-content\/uploads\/2021\/04\/Plakat-2010.jpg\" class=\"attachment-large size-large\" alt=\"\" srcset=\"https:\/\/staging.cantus-rheinfelden.ch\/wp-content\/uploads\/2021\/04\/Plakat-2010.jpg 621w, https:\/\/staging.cantus-rheinfelden.ch\/wp-content\/uploads\/2021\/04\/Plakat-2010-600x870.jpg 600w, https:\/\/staging.cantus-rheinfelden.ch\/wp-content\/uploads\/2021\/04\/Plakat-2010-207x300.jpg 207w\" sizes=\"auto, (max-width: 621px) 100vw, 621px\" \/>\t\t\t\t\t\t\t\t\t\t\t\t\t\t\t<\/div>\n\t\t\t\t<\/div>\n\t\t\t\t\t<\/div>\n\t\t<\/div>\n\t\t\t\t\t\t\t<\/div>\n\t\t<\/section>\n\t\t\t\t<section class=\"elementor-section elementor-top-section elementor-element elementor-element-83e3384 elementor-section-boxed elementor-section-height-default elementor-section-height-default\" data-id=\"83e3384\" data-element_type=\"section\">\n\t\t\t\t\t\t<div class=\"elementor-container elementor-column-gap-default\">\n\t\t\t\t\t<div class=\"elementor-column elementor-col-100 elementor-top-column elementor-element elementor-element-75e02ac\" data-id=\"75e02ac\" data-element_type=\"column\">\n\t\t\t<div class=\"elementor-widget-wrap elementor-element-populated\">\n\t\t\t\t\t\t\t\t<div class=\"elementor-element elementor-element-937b4db elementor-widget elementor-widget-text-editor\" data-id=\"937b4db\" data-element_type=\"widget\" data-widget_type=\"text-editor.default\">\n\t\t\t\t<div class=\"elementor-widget-container\">\n\t\t\t\t\t\t\t<h4><strong>Konzert 2009<\/strong><\/h4>\t\t\t\t\t\t<\/div>\n\t\t\t\t<\/div>\n\t\t\t\t<div class=\"elementor-element elementor-element-82c59bd elementor-widget elementor-widget-image\" data-id=\"82c59bd\" data-element_type=\"widget\" data-widget_type=\"image.default\">\n\t\t\t\t<div class=\"elementor-widget-container\">\n\t\t\t\t\t\t\t\t\t\t\t\t\t\t\t<img loading=\"lazy\" decoding=\"async\" width=\"620\" height=\"900\" src=\"https:\/\/staging.cantus-rheinfelden.ch\/wp-content\/uploads\/2021\/04\/Plakat-2009.jpg\" class=\"attachment-large size-large\" alt=\"\" srcset=\"https:\/\/staging.cantus-rheinfelden.ch\/wp-content\/uploads\/2021\/04\/Plakat-2009.jpg 620w, https:\/\/staging.cantus-rheinfelden.ch\/wp-content\/uploads\/2021\/04\/Plakat-2009-600x871.jpg 600w, https:\/\/staging.cantus-rheinfelden.ch\/wp-content\/uploads\/2021\/04\/Plakat-2009-207x300.jpg 207w\" sizes=\"auto, (max-width: 620px) 100vw, 620px\" \/>\t\t\t\t\t\t\t\t\t\t\t\t\t\t\t<\/div>\n\t\t\t\t<\/div>\n\t\t\t\t\t<\/div>\n\t\t<\/div>\n\t\t\t\t\t\t\t<\/div>\n\t\t<\/section>\n\t\t\t\t<section class=\"elementor-section elementor-top-section elementor-element elementor-element-ae1a553 elementor-section-boxed elementor-section-height-default elementor-section-height-default\" data-id=\"ae1a553\" data-element_type=\"section\">\n\t\t\t\t\t\t<div class=\"elementor-container elementor-column-gap-default\">\n\t\t\t\t\t<div class=\"elementor-column elementor-col-100 elementor-top-column elementor-element elementor-element-cad0404\" data-id=\"cad0404\" data-element_type=\"column\">\n\t\t\t<div class=\"elementor-widget-wrap elementor-element-populated\">\n\t\t\t\t\t\t\t\t<div class=\"elementor-element elementor-element-41b2c9d elementor-widget elementor-widget-text-editor\" data-id=\"41b2c9d\" data-element_type=\"widget\" data-widget_type=\"text-editor.default\">\n\t\t\t\t<div class=\"elementor-widget-container\">\n\t\t\t\t\t\t\t<h4><strong>Konzert 2008<\/strong><\/h4>\t\t\t\t\t\t<\/div>\n\t\t\t\t<\/div>\n\t\t\t\t<div class=\"elementor-element elementor-element-4f5c9b0 elementor-widget elementor-widget-image\" data-id=\"4f5c9b0\" data-element_type=\"widget\" data-widget_type=\"image.default\">\n\t\t\t\t<div class=\"elementor-widget-container\">\n\t\t\t\t\t\t\t\t\t\t\t\t\t\t\t<img loading=\"lazy\" decoding=\"async\" width=\"615\" height=\"900\" src=\"https:\/\/staging.cantus-rheinfelden.ch\/wp-content\/uploads\/2021\/04\/Plakat-2008.jpg\" class=\"attachment-large size-large\" alt=\"\" srcset=\"https:\/\/staging.cantus-rheinfelden.ch\/wp-content\/uploads\/2021\/04\/Plakat-2008.jpg 615w, https:\/\/staging.cantus-rheinfelden.ch\/wp-content\/uploads\/2021\/04\/Plakat-2008-600x878.jpg 600w, https:\/\/staging.cantus-rheinfelden.ch\/wp-content\/uploads\/2021\/04\/Plakat-2008-205x300.jpg 205w\" sizes=\"auto, (max-width: 615px) 100vw, 615px\" \/>\t\t\t\t\t\t\t\t\t\t\t\t\t\t\t<\/div>\n\t\t\t\t<\/div>\n\t\t\t\t\t<\/div>\n\t\t<\/div>\n\t\t\t\t\t\t\t<\/div>\n\t\t<\/section>\n\t\t\t\t<section class=\"elementor-section elementor-top-section elementor-element elementor-element-c068d0b elementor-section-boxed elementor-section-height-default elementor-section-height-default\" data-id=\"c068d0b\" data-element_type=\"section\">\n\t\t\t\t\t\t<div class=\"elementor-container elementor-column-gap-default\">\n\t\t\t\t\t<div class=\"elementor-column elementor-col-100 elementor-top-column elementor-element elementor-element-dff3fdc\" data-id=\"dff3fdc\" data-element_type=\"column\">\n\t\t\t<div class=\"elementor-widget-wrap elementor-element-populated\">\n\t\t\t\t\t\t\t\t<div class=\"elementor-element elementor-element-fc33cc3 elementor-widget elementor-widget-text-editor\" data-id=\"fc33cc3\" data-element_type=\"widget\" data-widget_type=\"text-editor.default\">\n\t\t\t\t<div class=\"elementor-widget-container\">\n\t\t\t\t\t\t\t<h4><strong>Konzert 2007<\/strong><\/h4>\t\t\t\t\t\t<\/div>\n\t\t\t\t<\/div>\n\t\t\t\t<div class=\"elementor-element elementor-element-185371d elementor-widget elementor-widget-image\" data-id=\"185371d\" data-element_type=\"widget\" data-widget_type=\"image.default\">\n\t\t\t\t<div class=\"elementor-widget-container\">\n\t\t\t\t\t\t\t\t\t\t\t\t\t\t\t<img loading=\"lazy\" decoding=\"async\" width=\"623\" height=\"900\" src=\"https:\/\/staging.cantus-rheinfelden.ch\/wp-content\/uploads\/2021\/04\/Plakat-2007.jpg\" class=\"attachment-large size-large\" alt=\"\" srcset=\"https:\/\/staging.cantus-rheinfelden.ch\/wp-content\/uploads\/2021\/04\/Plakat-2007.jpg 623w, https:\/\/staging.cantus-rheinfelden.ch\/wp-content\/uploads\/2021\/04\/Plakat-2007-600x867.jpg 600w, https:\/\/staging.cantus-rheinfelden.ch\/wp-content\/uploads\/2021\/04\/Plakat-2007-208x300.jpg 208w\" sizes=\"auto, (max-width: 623px) 100vw, 623px\" \/>\t\t\t\t\t\t\t\t\t\t\t\t\t\t\t<\/div>\n\t\t\t\t<\/div>\n\t\t\t\t\t<\/div>\n\t\t<\/div>\n\t\t\t\t\t\t\t<\/div>\n\t\t<\/section>\n\t\t\t\t\t\t\t<\/div>\n\t\t","protected":false},"excerpt":{"rendered":"<p>Konzert November 2021 Konzert Mai 2019 Konzert April 2018 Aktivit\u00e4ten 2018 Sonntag, 22. April 2018 um 10:30 Uhr in der r\u00f6m.-kath. Kirche in Laufenburg Musikalische Gestaltung des Gottesdienstes mit Ch\u00f6ren von Giovanni Gabrieli, Claudio Monteverdi und Heinrich Sch\u00fctz (in Begleitung mit Orgel) &nbsp; Konzert Mai 2017 Jubil\u00e4ums-Konzert April \/ Mai 2016 Konzert November 2015 Aktivit\u00e4ten&hellip;<\/p>\n","protected":false},"author":2,"featured_media":0,"parent":0,"menu_order":0,"comment_status":"closed","ping_status":"closed","template":"","meta":{"footnotes":""},"class_list":["post-273","page","type-page","status-publish","hentry"],"_links":{"self":[{"href":"https:\/\/staging.cantus-rheinfelden.ch\/index.php?rest_route=\/wp\/v2\/pages\/273","targetHints":{"allow":["GET"]}}],"collection":[{"href":"https:\/\/staging.cantus-rheinfelden.ch\/index.php?rest_route=\/wp\/v2\/pages"}],"about":[{"href":"https:\/\/staging.cantus-rheinfelden.ch\/index.php?rest_route=\/wp\/v2\/types\/page"}],"author":[{"embeddable":true,"href":"https:\/\/staging.cantus-rheinfelden.ch\/index.php?rest_route=\/wp\/v2\/users\/2"}],"replies":[{"embeddable":true,"href":"https:\/\/staging.cantus-rheinfelden.ch\/index.php?rest_route=%2Fwp%2Fv2%2Fcomments&post=273"}],"version-history":[{"count":70,"href":"https:\/\/staging.cantus-rheinfelden.ch\/index.php?rest_route=\/wp\/v2\/pages\/273\/revisions"}],"predecessor-version":[{"id":723,"href":"https:\/\/staging.cantus-rheinfelden.ch\/index.php?rest_route=\/wp\/v2\/pages\/273\/revisions\/723"}],"wp:attachment":[{"href":"https:\/\/staging.cantus-rheinfelden.ch\/index.php?rest_route=%2Fwp%2Fv2%2Fmedia&parent=273"}],"curies":[{"name":"wp","href":"https:\/\/api.w.org\/{rel}","templated":true}]}}